{"version":"1.0","provider_name":"AFGES","provider_url":"https:\/\/interne.afges.org\/en","author_name":"AFGES","author_url":"https:\/\/interne.afges.org\/en\/author\/numerique\/","title":"NOUVEAU PREMIER MINISTRE - L\u2019appel \u00e0 l\u2019action des \u00e9tudiants - AFGES","type":"rich","width":600,"height":338,"html":"<blockquote class=\"wp-embedded-content\" data-secret=\"xtw5pE1g0U\"><a href=\"https:\/\/interne.afges.org\/en\/nouveau-premier-ministre-lappel-a-laction-des-etudiants\/\">NOUVEAU PREMIER MINISTRE &#8211; L\u2019appel \u00e0 l\u2019action des \u00e9tudiants<\/a><\/blockquote><iframe sandbox=\"allow-scripts\" security=\"restricted\" src=\"https:\/\/interne.afges.org\/en\/nouveau-premier-ministre-lappel-a-laction-des-etudiants\/embed\/#?secret=xtw5pE1g0U\" width=\"600\" height=\"338\" title=\"&#8220;NOUVEAU PREMIER MINISTRE &#8211; L\u2019appel \u00e0 l\u2019action des \u00e9tudiants&#8221; &#8212; AFGES\" data-secret=\"xtw5pE1g0U\" frameborder=\"0\" marginwidth=\"0\" marginheight=\"0\" scrolling=\"no\" class=\"wp-embedded-content\"><\/iframe><script>\n\/*! This file is auto-generated *\/\n!function(d,l){\"use strict\";l.querySelector&&d.addEventListener&&\"undefined\"!=typeof URL&&(d.wp=d.wp||{},d.wp.receiveEmbedMessage||(d.wp.receiveEmbedMessage=function(e){var t=e.data;if((t||t.secret||t.message||t.value)&&!\/[^a-zA-Z0-9]\/.test(t.secret)){for(var s,r,n,a=l.querySelectorAll('iframe[data-secret=\"'+t.secret+'\"]'),o=l.querySelectorAll('blockquote[data-secret=\"'+t.secret+'\"]'),c=new RegExp(\"^https?:$\",\"i\"),i=0;i<o.length;i++)o[i].style.display=\"none\";for(i=0;i<a.length;i++)s=a[i],e.source===s.contentWindow&&(s.removeAttribute(\"style\"),\"height\"===t.message?(1e3<(r=parseInt(t.value,10))?r=1e3:~~r<200&&(r=200),s.height=r):\"link\"===t.message&&(r=new URL(s.getAttribute(\"src\")),n=new URL(t.value),c.test(n.protocol))&&n.host===r.host&&l.activeElement===s&&(d.top.location.href=t.value))}},d.addEventListener(\"message\",d.wp.receiveEmbedMessage,!1),l.addEventListener(\"DOMContentLoaded\",function(){for(var e,t,s=l.querySelectorAll(\"iframe.wp-embedded-content\"),r=0;r<s.length;r++)(t=(e=s[r]).getAttribute(\"data-secret\"))||(t=Math.random().toString(36).substring(2,12),e.src+=\"#?secret=\"+t,e.setAttribute(\"data-secret\",t)),e.contentWindow.postMessage({message:\"ready\",secret:t},\"*\")},!1)))}(window,document);\n\/\/# sourceURL=https:\/\/interne.afges.org\/wp-includes\/js\/wp-embed.min.js\n<\/script>","description":"Nous demandons au futur gouvernement de poursuivre rapidement la construction de la r\u00e9forme des bourses et d\u2019augmenter les moyens allou\u00e9s \u00e0 l\u2019ESR. Les \u00e9tudiants ne peuvent plus attendre. Apr\u00e8s les \u00e9lections l\u00e9gislatives et la d\u00e9mission du gouvernement \u00e0 l\u2019issue des r\u00e9sultats, la nomination d\u2019un nouveau Premier ministre n\u2019a eu de cesse d\u2019\u00eatre repouss\u00e9e. Ce d\u00e9lai, [&hellip;]"}